{"id":10030,"date":"2023-07-06T14:54:22","date_gmt":"2023-07-06T12:54:22","guid":{"rendered":"https:\/\/goetzens-auf-reisen.com\/?page_id=10030"},"modified":"2025-02-19T10:12:06","modified_gmt":"2025-02-19T09:12:06","slug":"finken","status":"publish","type":"page","link":"https:\/\/goetzens-auf-reisen.com\/?page_id=10030","title":{"rendered":"Finken"},"content":{"rendered":"\n<p><strong>Gattungen: <\/strong><br>Edelfinken (<em>Fringilla<\/em>)<br>Zitronengirlitze &amp; Stieglitze (<em>Carduelis<\/em>)<br>Gr\u00fcnfinken (<em>Chloris<\/em>)<br>Kernbei\u00dfer (<em>Coccothraustes<\/em>)<br>Afrikanische Girlitze (<em>Crithagra<\/em>)<br>Organisten (<em>Euphonia<\/em>)<br>Girlitze (<em>Serinus<\/em>)<br>H\u00e4nflinge (<em>Linaria<\/em>)\u00a0<br><\/p>\n\n\n<style type=\"text\/css\">\n#foogallery-gallery-4592 .fg-image { width: 750px; }<\/style>\n\t\t\t<div class=\"foogallery foogallery-container foogallery-image-viewer foogallery-link-image foogallery-lightbox-foogallery fg-center fg-image-viewer fg-ready fg-light fg-loading-default fg-loaded-fade-in fg-hover-zoomed fg-caption-hover fg-hover-fade fg-hover-zoom3 fg-transparent-overlays\" id=\"foogallery-gallery-4592\" data-foogallery=\"{&quot;item&quot;:{&quot;showCaptionTitle&quot;:true,&quot;showCaptionDescription&quot;:true},&quot;lazy&quot;:true,&quot;template&quot;:{&quot;loop&quot;:false}}\" data-foogallery-lightbox=\"{&quot;theme&quot;:&quot;fg-light&quot;,&quot;thumbs&quot;:&quot;left&quot;,&quot;thumbsCaptions&quot;:true,&quot;thumbsBestFit&quot;:false,&quot;thumbsSmall&quot;:false,&quot;thumbsCaptionsAlign&quot;:&quot;default&quot;,&quot;info&quot;:&quot;bottom&quot;,&quot;infoVisible&quot;:true,&quot;infoOverlay&quot;:true,&quot;infoAlign&quot;:&quot;center&quot;,&quot;transition&quot;:&quot;fade&quot;,&quot;hoverButtons&quot;:false,&quot;fitMedia&quot;:false,&quot;noScrollbars&quot;:true,&quot;preserveButtonSpace&quot;:true,&quot;buttons&quot;:{&quot;fullscreen&quot;:true,&quot;info&quot;:true,&quot;thumbs&quot;:false},&quot;video&quot;:{&quot;autoPlay&quot;:true}}\" style=\"--fg-title-line-clamp: 0; --fg-description-line-clamp: 0;\" >\n\t<div class=\"fiv-inner\">\n\t\t<div class=\"fiv-inner-container\">\n\t\t\t<div class=\"fg-item fg-type-image fg-idle\"><figure class=\"fg-item-inner\"><a href=\"https:\/\/goetzens-auf-reisen.com\/wp-content\/uploads\/2021\/05\/xDD5A7518A-scaled.jpg\" data-caption-title=\"Bergfink (m. SK)\" data-caption-desc=\"Sandweier, 12-2024\" data-attachment-id=\"13171\" data-type=\"image\" class=\"fg-thumb\"><span class=\"fg-image-wrap\"><img fetchpriority=\"high\" decoding=\"async\" title=\"Bergfink (m. SK)\" width=\"750\" height=\"500\" class=\"skip-lazy fg-image\" data-src-fg=\"https:\/\/goetzens-auf-reisen.com\/wp-content\/uploads\/cache\/2021\/05\/xDD5A7518A-scaled\/829387518.jpg\" src=\"data:image\/svg+xml,%3Csvg%20xmlns%3D%22http%3A%2F%2Fwww.w3.org%2F2000%2Fsvg%22%20width%3D%22750%22%20height%3D%22500%22%20viewBox%3D%220%200%20750%20500%22%3E%3C%2Fsvg%3E\" loading=\"eager\"><\/span><span class=\"fg-image-overlay\"><\/span><\/a><figcaption class=\"fg-caption\"><div class=\"fg-caption-inner\"><div class=\"fg-caption-title\">Bergfink (m. SK)<\/div><div class=\"fg-caption-desc\">Sandweier, 12-2024<\/div><\/div><\/figcaption><\/figure><div class=\"fg-loader\"><\/div><\/div><div class=\"fg-item fg-type-image fg-idle\"><figure class=\"fg-item-inner\"><a href=\"https:\/\/goetzens-auf-reisen.com\/wp-content\/uploads\/2021\/05\/1-waitangi-2017-topaz-scaled.jpeg\" data-caption-title=\"(Britischer) Buchfink (m.)\" data-caption-desc=\"Waitangi (NZ), 02-2017\" data-attachment-id=\"12802\" data-type=\"image\" class=\"fg-thumb\"><span class=\"fg-image-wrap\"><img decoding=\"async\" title=\"(Britischer) Buchfink (m.)\" width=\"750\" height=\"500\" class=\"skip-lazy fg-image\" data-src-fg=\"https:\/\/goetzens-auf-reisen.com\/wp-content\/uploads\/cache\/2021\/05\/1-waitangi-2017-topaz-scaled\/3523511475.jpeg\" src=\"data:image\/svg+xml,%3Csvg%20xmlns%3D%22http%3A%2F%2Fwww.w3.org%2F2000%2Fsvg%22%20width%3D%22750%22%20height%3D%22500%22%20viewBox%3D%220%200%20750%20500%22%3E%3C%2Fsvg%3E\" loading=\"eager\"><\/span><span class=\"fg-image-overlay\"><\/span><\/a><figcaption class=\"fg-caption\"><div class=\"fg-caption-inner\"><div class=\"fg-caption-title\">(Britischer) Buchfink (m.)<\/div><div class=\"fg-caption-desc\">Waitangi (NZ), 02-2017<\/div><\/div><\/figcaption><\/figure><div class=\"fg-loader\"><\/div><\/div><div class=\"fg-item fg-type-image fg-idle\"><figure class=\"fg-item-inner\"><a href=\"https:\/\/goetzens-auf-reisen.com\/wp-content\/uploads\/2021\/05\/Buchfink-n-br.-m-scaled.jpg\" data-caption-title=\"Buchfink (n-br. m.)\" data-caption-desc=\"Steinmauern, 01-2025\" data-attachment-id=\"13214\" data-type=\"image\" class=\"fg-thumb\"><span class=\"fg-image-wrap\"><img decoding=\"async\" title=\"Buchfink (n-br. m.)\" width=\"750\" height=\"500\" class=\"skip-lazy fg-image\" data-src-fg=\"https:\/\/goetzens-auf-reisen.com\/wp-content\/uploads\/cache\/2021\/05\/Buchfink-n-br_-m-scaled\/4057304086.jpg\" src=\"data:image\/svg+xml,%3Csvg%20xmlns%3D%22http%3A%2F%2Fwww.w3.org%2F2000%2Fsvg%22%20width%3D%22750%22%20height%3D%22500%22%20viewBox%3D%220%200%20750%20500%22%3E%3C%2Fsvg%3E\" loading=\"eager\"><\/span><span class=\"fg-image-overlay\"><\/span><\/a><figcaption class=\"fg-caption\"><div class=\"fg-caption-inner\"><div class=\"fg-caption-title\">Buchfink (n-br. m.)<\/div><div class=\"fg-caption-desc\">Steinmauern, 01-2025<\/div><\/div><\/figcaption><\/figure><div class=\"fg-loader\"><\/div><\/div><div class=\"fg-item fg-type-image fg-idle\"><figure class=\"fg-item-inner\"><a href=\"https:\/\/goetzens-auf-reisen.com\/wp-content\/uploads\/2021\/05\/Buchfink_w-scaled.jpg\" data-caption-title=\"Buchfink (w.)\" data-caption-desc=\"Goldkanal 2022\" data-attachment-id=\"6942\" data-type=\"image\" class=\"fg-thumb\"><span class=\"fg-image-wrap\"><img decoding=\"async\" title=\"Buchfink (w.)\" width=\"750\" height=\"500\" class=\"skip-lazy fg-image\" data-src-fg=\"https:\/\/goetzens-auf-reisen.com\/wp-content\/uploads\/cache\/2021\/05\/Buchfink_w-scaled\/1402578175.jpg\" src=\"data:image\/svg+xml,%3Csvg%20xmlns%3D%22http%3A%2F%2Fwww.w3.org%2F2000%2Fsvg%22%20width%3D%22750%22%20height%3D%22500%22%20viewBox%3D%220%200%20750%20500%22%3E%3C%2Fsvg%3E\" loading=\"eager\"><\/span><span class=\"fg-image-overlay\"><\/span><\/a><figcaption class=\"fg-caption\"><div class=\"fg-caption-inner\"><div class=\"fg-caption-title\">Buchfink (w.)<\/div><div class=\"fg-caption-desc\">Goldkanal 2022<\/div><\/div><\/figcaption><\/figure><div class=\"fg-loader\"><\/div><\/div><div class=\"fg-item fg-type-image fg-idle\"><figure class=\"fg-item-inner\"><a href=\"https:\/\/goetzens-auf-reisen.com\/wp-content\/uploads\/2021\/05\/Gruenfiink22.jpg\" data-caption-title=\"Gr\u00fcnfink (m.)\" data-caption-desc=\"zuhause 2021\" data-attachment-id=\"4781\" data-type=\"image\" class=\"fg-thumb\"><span class=\"fg-image-wrap\"><img decoding=\"async\" title=\"Gr\u00fcnfink (m.)\" width=\"750\" height=\"500\" class=\"skip-lazy fg-image\" data-src-fg=\"https:\/\/goetzens-auf-reisen.com\/wp-content\/uploads\/cache\/2021\/05\/Gruenfiink22\/372034824.jpg\" src=\"data:image\/svg+xml,%3Csvg%20xmlns%3D%22http%3A%2F%2Fwww.w3.org%2F2000%2Fsvg%22%20width%3D%22750%22%20height%3D%22500%22%20viewBox%3D%220%200%20750%20500%22%3E%3C%2Fsvg%3E\" loading=\"eager\"><\/span><span class=\"fg-image-overlay\"><\/span><\/a><figcaption class=\"fg-caption\"><div class=\"fg-caption-inner\"><div class=\"fg-caption-title\">Gr\u00fcnfink (m.)<\/div><div class=\"fg-caption-desc\">zuhause 2021<\/div><\/div><\/figcaption><\/figure><div class=\"fg-loader\"><\/div><\/div><div class=\"fg-item fg-type-image fg-idle\"><figure class=\"fg-item-inner\"><a href=\"https:\/\/goetzens-auf-reisen.com\/wp-content\/uploads\/2021\/05\/Gelbscheitelgirlitz-Cederberge-scaled.jpg\" data-caption-title=\"Gelbscheitelgirlitz\" data-caption-desc=\"Cederberge (SA), 2023\" data-attachment-id=\"9273\" data-type=\"image\" class=\"fg-thumb\"><span class=\"fg-image-wrap\"><img decoding=\"async\" title=\"Gelbscheitelgirlitz\" width=\"750\" height=\"500\" class=\"skip-lazy fg-image\" data-src-fg=\"https:\/\/goetzens-auf-reisen.com\/wp-content\/uploads\/cache\/2021\/05\/Gelbscheitelgirlitz-Cederberge-scaled\/2712449375.jpg\" src=\"data:image\/svg+xml,%3Csvg%20xmlns%3D%22http%3A%2F%2Fwww.w3.org%2F2000%2Fsvg%22%20width%3D%22750%22%20height%3D%22500%22%20viewBox%3D%220%200%20750%20500%22%3E%3C%2Fsvg%3E\" loading=\"eager\"><\/span><span class=\"fg-image-overlay\"><\/span><\/a><figcaption class=\"fg-caption\"><div class=\"fg-caption-inner\"><div class=\"fg-caption-title\">Gelbscheitelgirlitz<\/div><div class=\"fg-caption-desc\">Cederberge (SA), 2023<\/div><\/div><\/figcaption><\/figure><div class=\"fg-loader\"><\/div><\/div><div class=\"fg-item fg-type-image fg-idle\"><figure class=\"fg-item-inner\"><a href=\"https:\/\/goetzens-auf-reisen.com\/wp-content\/uploads\/2020\/06\/IMG_1706-2.jpg\" data-caption-title=\"Gelbbauchgirlitz (m.)\" data-caption-desc=\"Tankwa Karoo 2019\" data-attachment-id=\"2247\" data-type=\"image\" class=\"fg-thumb\"><span class=\"fg-image-wrap\"><img decoding=\"async\" title=\"Gelbbauchgirlitz (m.)\" width=\"750\" height=\"500\" class=\"skip-lazy fg-image\" data-src-fg=\"https:\/\/goetzens-auf-reisen.com\/wp-content\/uploads\/cache\/2020\/06\/IMG_1706-2\/1127439283.jpg\" src=\"data:image\/svg+xml,%3Csvg%20xmlns%3D%22http%3A%2F%2Fwww.w3.org%2F2000%2Fsvg%22%20width%3D%22750%22%20height%3D%22500%22%20viewBox%3D%220%200%20750%20500%22%3E%3C%2Fsvg%3E\" loading=\"eager\"><\/span><span class=\"fg-image-overlay\"><\/span><\/a><figcaption class=\"fg-caption\"><div class=\"fg-caption-inner\"><div class=\"fg-caption-title\">Gelbbauchgirlitz (m.)<\/div><div class=\"fg-caption-desc\">Tankwa Karoo 2019<\/div><\/div><\/figcaption><\/figure><div class=\"fg-loader\"><\/div><\/div><div class=\"fg-item fg-type-image fg-idle\"><figure class=\"fg-item-inner\"><a href=\"https:\/\/goetzens-auf-reisen.com\/wp-content\/uploads\/2021\/05\/Waldgirlitz-scaled.jpg\" data-caption-title=\"Waldgirlitz\" data-caption-desc=\"Royal Natal NP, 2022\" data-attachment-id=\"8257\" data-type=\"image\" class=\"fg-thumb\"><span class=\"fg-image-wrap\"><img decoding=\"async\" title=\"Waldgirlitz\" width=\"750\" height=\"500\" class=\"skip-lazy fg-image\" data-src-fg=\"https:\/\/goetzens-auf-reisen.com\/wp-content\/uploads\/cache\/2021\/05\/Waldgirlitz-scaled\/115412378.jpg\" src=\"data:image\/svg+xml,%3Csvg%20xmlns%3D%22http%3A%2F%2Fwww.w3.org%2F2000%2Fsvg%22%20width%3D%22750%22%20height%3D%22500%22%20viewBox%3D%220%200%20750%20500%22%3E%3C%2Fsvg%3E\" loading=\"eager\"><\/span><span class=\"fg-image-overlay\"><\/span><\/a><figcaption class=\"fg-caption\"><div class=\"fg-caption-inner\"><div class=\"fg-caption-title\">Waldgirlitz<\/div><div class=\"fg-caption-desc\">Royal Natal NP, 2022<\/div><\/div><\/figcaption><\/figure><div class=\"fg-loader\"><\/div><\/div><div class=\"fg-item fg-type-image fg-idle\"><figure class=\"fg-item-inner\"><a href=\"https:\/\/goetzens-auf-reisen.com\/wp-content\/uploads\/2021\/05\/Mosambikgirlitz-scaled.jpg\" data-caption-title=\"Mosambikgirlitz\" data-caption-desc=\"Hluhluwe, 2022\" data-attachment-id=\"8258\" data-type=\"image\" class=\"fg-thumb\"><span class=\"fg-image-wrap\"><img decoding=\"async\" title=\"Mosambikgirlitz\" width=\"750\" height=\"500\" class=\"skip-lazy fg-image\" data-src-fg=\"https:\/\/goetzens-auf-reisen.com\/wp-content\/uploads\/cache\/2021\/05\/Mosambikgirlitz-scaled\/2085890030.jpg\" src=\"data:image\/svg+xml,%3Csvg%20xmlns%3D%22http%3A%2F%2Fwww.w3.org%2F2000%2Fsvg%22%20width%3D%22750%22%20height%3D%22500%22%20viewBox%3D%220%200%20750%20500%22%3E%3C%2Fsvg%3E\" loading=\"eager\"><\/span><span class=\"fg-image-overlay\"><\/span><\/a><figcaption class=\"fg-caption\"><div class=\"fg-caption-inner\"><div class=\"fg-caption-title\">Mosambikgirlitz<\/div><div class=\"fg-caption-desc\">Hluhluwe, 2022<\/div><\/div><\/figcaption><\/figure><div class=\"fg-loader\"><\/div><\/div><div class=\"fg-item fg-type-image fg-idle\"><figure class=\"fg-item-inner\"><a href=\"https:\/\/goetzens-auf-reisen.com\/wp-content\/uploads\/2021\/05\/Weisskehlgirlitz-Tankwa-Karoo-2019-topaz-scaled.jpeg\" data-caption-title=\"Wei\u00dfkehlgirlitz\" data-caption-desc=\"Tankwa Karoo (SA), 2019\" data-attachment-id=\"12871\" data-type=\"image\" class=\"fg-thumb\"><span class=\"fg-image-wrap\"><img decoding=\"async\" title=\"Wei\u00dfkehlgirlitz\" width=\"750\" height=\"500\" class=\"skip-lazy fg-image\" data-src-fg=\"https:\/\/goetzens-auf-reisen.com\/wp-content\/uploads\/cache\/2021\/05\/Weisskehlgirlitz-Tankwa-Karoo-2019-topaz-scaled\/2910060302.jpeg\" src=\"data:image\/svg+xml,%3Csvg%20xmlns%3D%22http%3A%2F%2Fwww.w3.org%2F2000%2Fsvg%22%20width%3D%22750%22%20height%3D%22500%22%20viewBox%3D%220%200%20750%20500%22%3E%3C%2Fsvg%3E\" loading=\"eager\"><\/span><span class=\"fg-image-overlay\"><\/span><\/a><figcaption class=\"fg-caption\"><div class=\"fg-caption-inner\"><div class=\"fg-caption-title\">Wei\u00dfkehlgirlitz<\/div><div class=\"fg-caption-desc\">Tankwa Karoo (SA), 2019<\/div><\/div><\/figcaption><\/figure><div class=\"fg-loader\"><\/div><\/div><div class=\"fg-item fg-type-image fg-idle\"><figure class=\"fg-item-inner\"><a href=\"https:\/\/goetzens-auf-reisen.com\/wp-content\/uploads\/2021\/05\/Bluthaenfling_DD5A9541-TZ-scaled.jpg\" data-caption-title=\"Bluth\u00e4nfling (m., noch nicht voll im PK), Sandweier, 04-2026\" data-attachment-id=\"14906\" data-type=\"image\" class=\"fg-thumb\"><span class=\"fg-image-wrap\"><img decoding=\"async\" title=\"Bluth\u00e4nfling (m., noch nicht voll im PK), Sandweier, 04-2026\" width=\"750\" height=\"500\" class=\"skip-lazy fg-image\" data-src-fg=\"https:\/\/goetzens-auf-reisen.com\/wp-content\/uploads\/cache\/2021\/05\/Bluthaenfling_DD5A9541-TZ-scaled\/3494476463.jpg\" src=\"data:image\/svg+xml,%3Csvg%20xmlns%3D%22http%3A%2F%2Fwww.w3.org%2F2000%2Fsvg%22%20width%3D%22750%22%20height%3D%22500%22%20viewBox%3D%220%200%20750%20500%22%3E%3C%2Fsvg%3E\" loading=\"eager\"><\/span><span class=\"fg-image-overlay\"><\/span><\/a><figcaption class=\"fg-caption\"><div class=\"fg-caption-inner\"><div class=\"fg-caption-title\">Bluth\u00e4nfling (m., noch nicht voll im PK), Sandweier, 04-2026<\/div><\/div><\/figcaption><\/figure><div class=\"fg-loader\"><\/div><\/div><div class=\"fg-item fg-type-image fg-idle\"><figure class=\"fg-item-inner\"><a href=\"https:\/\/goetzens-auf-reisen.com\/wp-content\/uploads\/2021\/05\/Bluthaenfling-Ihringen-2021-topaz-scaled.jpeg\" data-caption-title=\"Bluth\u00e4nfling (m., PK)\" data-caption-desc=\"Ihringen, 07-2021\" data-attachment-id=\"12746\" data-type=\"image\" class=\"fg-thumb\"><span class=\"fg-image-wrap\"><img decoding=\"async\" title=\"Bluth\u00e4nfling (m., PK)\" width=\"750\" height=\"500\" class=\"skip-lazy fg-image\" data-src-fg=\"https:\/\/goetzens-auf-reisen.com\/wp-content\/uploads\/cache\/2021\/05\/Bluthaenfling-Ihringen-2021-topaz-scaled\/2984547093.jpeg\" src=\"data:image\/svg+xml,%3Csvg%20xmlns%3D%22http%3A%2F%2Fwww.w3.org%2F2000%2Fsvg%22%20width%3D%22750%22%20height%3D%22500%22%20viewBox%3D%220%200%20750%20500%22%3E%3C%2Fsvg%3E\" loading=\"eager\"><\/span><span class=\"fg-image-overlay\"><\/span><\/a><figcaption class=\"fg-caption\"><div class=\"fg-caption-inner\"><div class=\"fg-caption-title\">Bluth\u00e4nfling (m., PK)<\/div><div class=\"fg-caption-desc\">Ihringen, 07-2021<\/div><\/div><\/figcaption><\/figure><div class=\"fg-loader\"><\/div><\/div><div class=\"fg-item fg-type-image fg-idle\"><figure class=\"fg-item-inner\"><a href=\"https:\/\/goetzens-auf-reisen.com\/wp-content\/uploads\/2023\/02\/Bluthaenfling-w.-Linkenheim-Hochstetten-2023-scaled.jpg\" data-caption-title=\"Bluth\u00e4nfling (w.)\" data-caption-desc=\"Linkenheim Hochstetten 2023\" data-attachment-id=\"8764\" data-type=\"image\" class=\"fg-thumb\"><span class=\"fg-image-wrap\"><img decoding=\"async\" title=\"Bluth\u00e4nfling (w.)\" width=\"750\" height=\"500\" class=\"skip-lazy fg-image\" data-src-fg=\"https:\/\/goetzens-auf-reisen.com\/wp-content\/uploads\/cache\/2023\/02\/Bluthaenfling-w_-Linkenheim-Hochstetten-2023-scaled\/3268723862.jpg\" src=\"data:image\/svg+xml,%3Csvg%20xmlns%3D%22http%3A%2F%2Fwww.w3.org%2F2000%2Fsvg%22%20width%3D%22750%22%20height%3D%22500%22%20viewBox%3D%220%200%20750%20500%22%3E%3C%2Fsvg%3E\" loading=\"eager\"><\/span><span class=\"fg-image-overlay\"><\/span><\/a><figcaption class=\"fg-caption\"><div class=\"fg-caption-inner\"><div class=\"fg-caption-title\">Bluth\u00e4nfling (w.)<\/div><div class=\"fg-caption-desc\">Linkenheim Hochstetten 2023<\/div><\/div><\/figcaption><\/figure><div class=\"fg-loader\"><\/div><\/div><div class=\"fg-item fg-type-image fg-idle\"><figure class=\"fg-item-inner\"><a href=\"https:\/\/goetzens-auf-reisen.com\/wp-content\/uploads\/2021\/05\/Stieglitz-scaled.jpg\" data-caption-title=\"Stieglitz\" data-caption-desc=\"zuhause 2022\" data-attachment-id=\"7060\" data-type=\"image\" class=\"fg-thumb\"><span class=\"fg-image-wrap\"><img decoding=\"async\" title=\"Stieglitz\" width=\"750\" height=\"500\" class=\"skip-lazy fg-image\" data-src-fg=\"https:\/\/goetzens-auf-reisen.com\/wp-content\/uploads\/cache\/2021\/05\/Stieglitz-scaled\/966649188.jpg\" src=\"data:image\/svg+xml,%3Csvg%20xmlns%3D%22http%3A%2F%2Fwww.w3.org%2F2000%2Fsvg%22%20width%3D%22750%22%20height%3D%22500%22%20viewBox%3D%220%200%20750%20500%22%3E%3C%2Fsvg%3E\" loading=\"eager\"><\/span><span class=\"fg-image-overlay\"><\/span><\/a><figcaption class=\"fg-caption\"><div class=\"fg-caption-inner\"><div class=\"fg-caption-title\">Stieglitz<\/div><div class=\"fg-caption-desc\">zuhause 2022<\/div><\/div><\/figcaption><\/figure><div class=\"fg-loader\"><\/div><\/div><div class=\"fg-item fg-type-image fg-idle\"><figure class=\"fg-item-inner\"><a href=\"https:\/\/goetzens-auf-reisen.com\/wp-content\/uploads\/2023\/02\/Erlenzeisig2-scaled.jpg\" data-caption-title=\"Erlenzeisig (m.)\" data-caption-desc=\"Linkenheim Hochstetten, 02-2023\" data-attachment-id=\"8765\" data-type=\"image\" class=\"fg-thumb\"><span class=\"fg-image-wrap\"><img decoding=\"async\" title=\"Erlenzeisig (m.)\" width=\"750\" height=\"500\" class=\"skip-lazy fg-image\" data-src-fg=\"https:\/\/goetzens-auf-reisen.com\/wp-content\/uploads\/cache\/2023\/02\/Erlenzeisig2-scaled\/3249554066.jpg\" src=\"data:image\/svg+xml,%3Csvg%20xmlns%3D%22http%3A%2F%2Fwww.w3.org%2F2000%2Fsvg%22%20width%3D%22750%22%20height%3D%22500%22%20viewBox%3D%220%200%20750%20500%22%3E%3C%2Fsvg%3E\" loading=\"eager\"><\/span><span class=\"fg-image-overlay\"><\/span><\/a><figcaption class=\"fg-caption\"><div class=\"fg-caption-inner\"><div class=\"fg-caption-title\">Erlenzeisig (m.)<\/div><div class=\"fg-caption-desc\">Linkenheim Hochstetten, 02-2023<\/div><\/div><\/figcaption><\/figure><div class=\"fg-loader\"><\/div><\/div><div class=\"fg-item fg-type-image fg-idle\"><figure class=\"fg-item-inner\"><a href=\"https:\/\/goetzens-auf-reisen.com\/wp-content\/uploads\/2021\/05\/KernbeisserA-scaled.jpg\" data-caption-title=\"Kernbei\u00dfer\" data-caption-desc=\"Bot. Garten, Marburg, 11-2024\" data-attachment-id=\"13114\" data-type=\"image\" class=\"fg-thumb\"><span class=\"fg-image-wrap\"><img decoding=\"async\" title=\"Kernbei\u00dfer\" width=\"750\" height=\"500\" class=\"skip-lazy fg-image\" data-src-fg=\"https:\/\/goetzens-auf-reisen.com\/wp-content\/uploads\/cache\/2021\/05\/KernbeisserA-scaled\/562292637.jpg\" src=\"data:image\/svg+xml,%3Csvg%20xmlns%3D%22http%3A%2F%2Fwww.w3.org%2F2000%2Fsvg%22%20width%3D%22750%22%20height%3D%22500%22%20viewBox%3D%220%200%20750%20500%22%3E%3C%2Fsvg%3E\" loading=\"eager\"><\/span><span class=\"fg-image-overlay\"><\/span><\/a><figcaption class=\"fg-caption\"><div class=\"fg-caption-inner\"><div class=\"fg-caption-title\">Kernbei\u00dfer<\/div><div class=\"fg-caption-desc\">Bot. Garten, Marburg, 11-2024<\/div><\/div><\/figcaption><\/figure><div class=\"fg-loader\"><\/div><\/div><div class=\"fg-item fg-type-image fg-idle\"><figure class=\"fg-item-inner\"><a href=\"https:\/\/goetzens-auf-reisen.com\/wp-content\/uploads\/2025\/10\/Gimpel-DD5A6313a-2-scaled.jpg\" data-caption-title=\"Gimpel (w.)\" data-caption-desc=\"Marburg, 10-2025\" data-attachment-id=\"14043\" data-type=\"image\" class=\"fg-thumb\"><span class=\"fg-image-wrap\"><img decoding=\"async\" title=\"Gimpel (w.)\" width=\"750\" height=\"500\" class=\"skip-lazy fg-image\" data-src-fg=\"https:\/\/goetzens-auf-reisen.com\/wp-content\/uploads\/cache\/2025\/10\/Gimpel-DD5A6313a-2-scaled\/2468569562.jpg\" src=\"data:image\/svg+xml,%3Csvg%20xmlns%3D%22http%3A%2F%2Fwww.w3.org%2F2000%2Fsvg%22%20width%3D%22750%22%20height%3D%22500%22%20viewBox%3D%220%200%20750%20500%22%3E%3C%2Fsvg%3E\" loading=\"eager\"><\/span><span class=\"fg-image-overlay\"><\/span><\/a><figcaption class=\"fg-caption\"><div class=\"fg-caption-inner\"><div class=\"fg-caption-title\">Gimpel (w.)<\/div><div class=\"fg-caption-desc\">Marburg, 10-2025<\/div><\/div><\/figcaption><\/figure><div class=\"fg-loader\"><\/div><\/div><div class=\"fg-item fg-type-image fg-idle\"><figure class=\"fg-item-inner\"><a href=\"https:\/\/goetzens-auf-reisen.com\/wp-content\/uploads\/2021\/05\/Olivrueckenorganist-m-BocaTapada-topaz-2-scaled.jpeg\" data-caption-title=\"Olivr\u00fcckenorganist (m.)\" data-caption-desc=\"Boca Tapada (CR), 2024\" data-attachment-id=\"12085\" data-type=\"image\" class=\"fg-thumb\"><span class=\"fg-image-wrap\"><img decoding=\"async\" title=\"Olivr\u00fcckenorganist (m.)\" width=\"750\" height=\"500\" class=\"skip-lazy fg-image\" data-src-fg=\"https:\/\/goetzens-auf-reisen.com\/wp-content\/uploads\/cache\/2021\/05\/Olivrueckenorganist-m-BocaTapada-topaz-2-scaled\/3901043216.jpeg\" src=\"data:image\/svg+xml,%3Csvg%20xmlns%3D%22http%3A%2F%2Fwww.w3.org%2F2000%2Fsvg%22%20width%3D%22750%22%20height%3D%22500%22%20viewBox%3D%220%200%20750%20500%22%3E%3C%2Fsvg%3E\" loading=\"eager\"><\/span><span class=\"fg-image-overlay\"><\/span><\/a><figcaption class=\"fg-caption\"><div class=\"fg-caption-inner\"><div class=\"fg-caption-title\">Olivr\u00fcckenorganist (m.)<\/div><div class=\"fg-caption-desc\">Boca Tapada (CR), 2024<\/div><\/div><\/figcaption><\/figure><div class=\"fg-loader\"><\/div><\/div><div class=\"fg-item fg-type-image fg-idle\"><figure class=\"fg-item-inner\"><a href=\"https:\/\/goetzens-auf-reisen.com\/wp-content\/uploads\/2021\/05\/Olivrueckenorganist-w.-Boca-Tapada-CR-2024-topaz-scaled.jpeg\" data-caption-title=\"Olivr\u00fcckenorganist (w.)\" data-caption-desc=\"Boca Tapada (CR), 2024\" data-attachment-id=\"12420\" data-type=\"image\" class=\"fg-thumb\"><span class=\"fg-image-wrap\"><img decoding=\"async\" title=\"Olivr\u00fcckenorganist (w.)\" width=\"750\" height=\"500\" class=\"skip-lazy fg-image\" data-src-fg=\"https:\/\/goetzens-auf-reisen.com\/wp-content\/uploads\/cache\/2021\/05\/Olivrueckenorganist-w_-Boca-Tapada-CR-2024-topaz-scaled\/1717413828.jpeg\" src=\"data:image\/svg+xml,%3Csvg%20xmlns%3D%22http%3A%2F%2Fwww.w3.org%2F2000%2Fsvg%22%20width%3D%22750%22%20height%3D%22500%22%20viewBox%3D%220%200%20750%20500%22%3E%3C%2Fsvg%3E\" loading=\"eager\"><\/span><span class=\"fg-image-overlay\"><\/span><\/a><figcaption class=\"fg-caption\"><div class=\"fg-caption-inner\"><div class=\"fg-caption-title\">Olivr\u00fcckenorganist (w.)<\/div><div class=\"fg-caption-desc\">Boca Tapada (CR), 2024<\/div><\/div><\/figcaption><\/figure><div class=\"fg-loader\"><\/div><\/div><div class=\"fg-item fg-type-image fg-idle\"><figure class=\"fg-item-inner\"><a href=\"https:\/\/goetzens-auf-reisen.com\/wp-content\/uploads\/2021\/05\/Schwalbenorganist-m-BocaTapada-topaz-2.jpeg\" data-caption-title=\"Schwalbenorganist (m.)\" data-caption-desc=\"Boca Tapada (CR), 2024\" data-attachment-id=\"12087\" data-type=\"image\" class=\"fg-thumb\"><span class=\"fg-image-wrap\"><img decoding=\"async\" title=\"Schwalbenorganist (m.)\" width=\"750\" height=\"500\" class=\"skip-lazy fg-image\" data-src-fg=\"https:\/\/goetzens-auf-reisen.com\/wp-content\/uploads\/cache\/2021\/05\/Schwalbenorganist-m-BocaTapada-topaz-2\/338337940.jpeg\" src=\"data:image\/svg+xml,%3Csvg%20xmlns%3D%22http%3A%2F%2Fwww.w3.org%2F2000%2Fsvg%22%20width%3D%22750%22%20height%3D%22500%22%20viewBox%3D%220%200%20750%20500%22%3E%3C%2Fsvg%3E\" loading=\"eager\"><\/span><span class=\"fg-image-overlay\"><\/span><\/a><figcaption class=\"fg-caption\"><div class=\"fg-caption-inner\"><div class=\"fg-caption-title\">Schwalbenorganist (m.)<\/div><div class=\"fg-caption-desc\">Boca Tapada (CR), 2024<\/div><\/div><\/figcaption><\/figure><div class=\"fg-loader\"><\/div><\/div><div class=\"fg-item fg-type-image fg-idle\"><figure class=\"fg-item-inner\"><a href=\"https:\/\/goetzens-auf-reisen.com\/wp-content\/uploads\/2021\/05\/Schwalbenorganist-w-BocaTapada-topaz-scaled.jpeg\" data-caption-title=\"Schwalbenorganist (w.)\" data-caption-desc=\"Boca Tapada (CR), 2024\" data-attachment-id=\"12088\" data-type=\"image\" class=\"fg-thumb\"><span class=\"fg-image-wrap\"><img decoding=\"async\" title=\"Schwalbenorganist (w.)\" width=\"750\" height=\"500\" class=\"skip-lazy fg-image\" data-src-fg=\"https:\/\/goetzens-auf-reisen.com\/wp-content\/uploads\/cache\/2021\/05\/Schwalbenorganist-w-BocaTapada-topaz-scaled\/3888948381.jpeg\" src=\"data:image\/svg+xml,%3Csvg%20xmlns%3D%22http%3A%2F%2Fwww.w3.org%2F2000%2Fsvg%22%20width%3D%22750%22%20height%3D%22500%22%20viewBox%3D%220%200%20750%20500%22%3E%3C%2Fsvg%3E\" loading=\"eager\"><\/span><span class=\"fg-image-overlay\"><\/span><\/a><figcaption class=\"fg-caption\"><div class=\"fg-caption-inner\"><div class=\"fg-caption-title\">Schwalbenorganist (w.)<\/div><div class=\"fg-caption-desc\">Boca Tapada (CR), 2024<\/div><\/div><\/figcaption><\/figure><div class=\"fg-loader\"><\/div><\/div>\t\t<\/div>\n\t\t<div class=\"fiv-ctrls\">\n\t\t\t<button type=\"button\" class=\"fiv-prev\" title=\"Zur\u00fcck\"><span>Zur\u00fcck<\/span><\/button>\n\t\t\t<label class=\"fiv-count\"><span class=\"fiv-count-current\">1<\/span>von<span class=\"fiv-count-total\">21<\/span><\/label>\n\t\t\t<button type=\"button\" class=\"fiv-next\" title=\"Vor\"><span>Vor<\/span><\/button>\n\t\t<\/div>\n\t<\/div>\n<\/div>\n\n\n<div class=\"wp-block-buttons is-content-justification-center is-layout-flex wp-container-core-buttons-is-layout-16018d1d wp-block-buttons-is-layout-flex\">\n<div class=\"wp-block-button has-custom-width wp-block-button__width-50 has-custom-font-size is-style-outline is-style-outline--2\" style=\"font-size:15px\"><a class=\"wp-block-button__link has-cyan-bluish-gray-color has-text-color wp-element-button\" href=\"https:\/\/goetzens-auf-reisen.com\/?page_id=2832\">&lt;&lt; zur\u00fcck zu V\u00f6gel<\/a><\/div>\n<\/div>\n\n\n\n<div class=\"wp-block-buttons has-custom-font-size is-content-justification-center is-layout-flex wp-container-core-buttons-is-layout-16018d1d wp-block-buttons-is-layout-flex\" style=\"font-size:15px\">\n<div class=\"wp-block-button has-custom-width wp-block-button__width-50 is-style-outline is-style-outline--3\"><a class=\"wp-block-button__link has-cyan-bluish-gray-color has-text-color wp-element-button\" href=\"https:\/\/goetzens-auf-reisen.com\/?page_id=4572\">&lt;&lt; zur\u00fcck zu Sperlingsv\u00f6gel<\/a><\/div>\n<\/div>\n\n\n\n<figure class=\"wp-block-gallery has-nested-images columns-default is-cropped wp-block-gallery-4 is-layout-flex wp-block-gallery-is-layout-flex\">\n<figure class=\"wp-block-image size-large\"><a href=\"https:\/\/goetzens-auf-reisen.com\/wp-content\/uploads\/2021\/05\/Bergfink-scaled.jpg\"><img loading=\"lazy\" decoding=\"async\" width=\"1024\" height=\"683\" data-id=\"8783\" src=\"https:\/\/goetzens-auf-reisen.com\/wp-content\/uploads\/2021\/05\/Bergfink-1024x683.jpg\" alt=\"\" class=\"wp-image-8783\" srcset=\"https:\/\/goetzens-auf-reisen.com\/wp-content\/uploads\/2021\/05\/Bergfink-1024x683.jpg 1024w, https:\/\/goetzens-auf-reisen.com\/wp-content\/uploads\/2021\/05\/Bergfink-300x200.jpg 300w, https:\/\/goetzens-auf-reisen.com\/wp-content\/uploads\/2021\/05\/Bergfink-768x512.jpg 768w, https:\/\/goetzens-auf-reisen.com\/wp-content\/uploads\/2021\/05\/Bergfink-1536x1024.jpg 1536w, https:\/\/goetzens-auf-reisen.com\/wp-content\/uploads\/2021\/05\/Bergfink-2048x1365.jpg 2048w\" sizes=\"auto, (max-width: 767px) 89vw, (max-width: 1000px) 54vw, (max-width: 1071px) 543px, 580px\" \/><\/a><figcaption class=\"wp-element-caption\">Bergfink in unserem Garten<\/figcaption><\/figure>\n<\/figure>\n","protected":false},"excerpt":{"rendered":"<p>Gattungen: Edelfinken (Fringilla)Zitronengirlitze &amp; Stieglitze (Carduelis)Gr\u00fcnfinken (Chloris)Kernbei\u00dfer (Coccothraustes)Afrikanische Girlitze (Crithagra)Organisten (Euphonia)Girlitze (Serinus)H\u00e4nflinge (Linaria)\u00a0<\/p>\n","protected":false},"author":1,"featured_media":0,"parent":0,"menu_order":0,"comment_status":"closed","ping_status":"closed","template":"","meta":{"footnotes":""},"class_list":["post-10030","page","type-page","status-publish","hentry"],"_links":{"self":[{"href":"https:\/\/goetzens-auf-reisen.com\/index.php?rest_route=\/wp\/v2\/pages\/10030","targetHints":{"allow":["GET"]}}],"collection":[{"href":"https:\/\/goetzens-auf-reisen.com\/index.php?rest_route=\/wp\/v2\/pages"}],"about":[{"href":"https:\/\/goetzens-auf-reisen.com\/index.php?rest_route=\/wp\/v2\/types\/page"}],"author":[{"embeddable":true,"href":"https:\/\/goetzens-auf-reisen.com\/index.php?rest_route=\/wp\/v2\/users\/1"}],"replies":[{"embeddable":true,"href":"https:\/\/goetzens-auf-reisen.com\/index.php?rest_route=%2Fwp%2Fv2%2Fcomments&post=10030"}],"version-history":[{"count":6,"href":"https:\/\/goetzens-auf-reisen.com\/index.php?rest_route=\/wp\/v2\/pages\/10030\/revisions"}],"predecessor-version":[{"id":13366,"href":"https:\/\/goetzens-auf-reisen.com\/index.php?rest_route=\/wp\/v2\/pages\/10030\/revisions\/13366"}],"wp:attachment":[{"href":"https:\/\/goetzens-auf-reisen.com\/index.php?rest_route=%2Fwp%2Fv2%2Fmedia&parent=10030"}],"curies":[{"name":"wp","href":"https:\/\/api.w.org\/{rel}","templated":true}]}}