{"id":41,"date":"2019-08-08T08:56:04","date_gmt":"2019-08-08T06:56:04","guid":{"rendered":"http:\/\/goetzens-auf-reisen.com\/?page_id=41"},"modified":"2021-04-26T18:50:31","modified_gmt":"2021-04-26T16:50:31","slug":"island","status":"publish","type":"page","link":"https:\/\/goetzens-auf-reisen.com\/?page_id=41","title":{"rendered":"Island"},"content":{"rendered":"\n<p class=\"has-drop-cap\">Island haben wir im August 2011 zwar nur f\u00fcr eine Woche bereist, aber wir haben in der Zeit  sehr viel gesehen und erlebt. Reiseanlass war die Teilnahme am Reykjavik-Marathon. Nat\u00fcrlich w\u00e4re es &#8222;viel zu schade&#8220; gewesen, ausschle\u00dflich zum Marathon anzureisen. Denn Island bietet so viel! Wenige Kilometer au\u00dferhalb der Hauptstadt beginnt bereits Abgeschiedenheit und Natur pur.  Ein Reisetagebuch oder gar einen Blog haben damals noch nicht geschrieben, aber Andrea hat wie immer tolle Fotos gemacht. Ein paar davon seht ihr hier.<\/p>\n\n\n<style type=\"text\/css\">\n#foogallery-gallery-4434 .fg-image { width: 200px; }\n#foogallery-gallery-4434 { --fg-gutter: 20px; }<\/style>\n\t\t\t<div class=\"foogallery foogallery-container foogallery-default foogallery-lightbox-foobox fg-center fg-default fg-ready fg-light fg-round-small fg-shadow-medium fg-loading-default fg-loaded-fade-in fg-hover-zoomed fg-caption-hover fg-hover-fade fg-hover-zoom3 fg-transparent-overlays\" id=\"foogallery-gallery-4434\" data-foogallery=\"{&quot;item&quot;:{&quot;showCaptionTitle&quot;:true,&quot;showCaptionDescription&quot;:false},&quot;lazy&quot;:true}\" style=\"--fg-title-line-clamp: 0; --fg-description-line-clamp: 0;\" >\n\t<div class=\"fg-item fg-type-image fg-idle\"><figure class=\"fg-item-inner\"><a href=\"https:\/\/goetzens-auf-reisen.com\/wp-content\/uploads\/2019\/10\/IMG_0547.jpg\" data-caption-title=\"Papageientaucher\" data-caption-desc=\"Island 2010\" data-attachment-id=\"521\" data-type=\"image\" class=\"fg-thumb\"><span class=\"fg-image-wrap\"><img decoding=\"async\" title=\"Papageientaucher\" width=\"200\" height=\"150\" class=\"skip-lazy fg-image\" data-src-fg=\"https:\/\/goetzens-auf-reisen.com\/wp-content\/uploads\/cache\/2019\/10\/IMG_0547\/1511866941.jpg\" data-srcset-fg=\"https:\/\/goetzens-auf-reisen.com\/wp-content\/uploads\/cache\/2019\/10\/IMG_0547\/3553341258.jpg 2x\" src=\"data:image\/svg+xml,%3Csvg%20xmlns%3D%22http%3A%2F%2Fwww.w3.org%2F2000%2Fsvg%22%20width%3D%22200%22%20height%3D%22150%22%20viewBox%3D%220%200%20200%20150%22%3E%3C%2Fsvg%3E\" loading=\"eager\"><\/span><span class=\"fg-image-overlay\"><\/span><\/a><figcaption class=\"fg-caption\"><div class=\"fg-caption-inner\"><div class=\"fg-caption-title\">Papageientaucher<\/div><\/div><\/figcaption><\/figure><div class=\"fg-loader\"><\/div><\/div><div class=\"fg-item fg-type-image fg-idle\"><figure class=\"fg-item-inner\"><a href=\"https:\/\/goetzens-auf-reisen.com\/wp-content\/uploads\/2019\/08\/IMG_1017.jpg\" data-caption-title=\"Eldfell auf Heimaey\" data-attachment-id=\"102\" data-type=\"image\" class=\"fg-thumb\"><span class=\"fg-image-wrap\"><img decoding=\"async\" title=\"Eldfell auf Heimaey\" width=\"200\" height=\"150\" class=\"skip-lazy fg-image\" data-src-fg=\"https:\/\/goetzens-auf-reisen.com\/wp-content\/uploads\/cache\/2019\/08\/IMG_1017\/3464484530.jpg\" data-srcset-fg=\"https:\/\/goetzens-auf-reisen.com\/wp-content\/uploads\/cache\/2019\/08\/IMG_1017\/1202273221.jpg 2x\" src=\"data:image\/svg+xml,%3Csvg%20xmlns%3D%22http%3A%2F%2Fwww.w3.org%2F2000%2Fsvg%22%20width%3D%22200%22%20height%3D%22150%22%20viewBox%3D%220%200%20200%20150%22%3E%3C%2Fsvg%3E\" loading=\"eager\"><\/span><span class=\"fg-image-overlay\"><\/span><\/a><figcaption class=\"fg-caption\"><div class=\"fg-caption-inner\"><div class=\"fg-caption-title\">Eldfell auf Heimaey<\/div><\/div><\/figcaption><\/figure><div class=\"fg-loader\"><\/div><\/div><div class=\"fg-item fg-type-image fg-idle\"><figure class=\"fg-item-inner\"><a href=\"https:\/\/goetzens-auf-reisen.com\/wp-content\/uploads\/2019\/08\/IMG_0949.jpg\" data-caption-title=\"Elli\u00f0aey\" data-attachment-id=\"101\" data-type=\"image\" class=\"fg-thumb\"><span class=\"fg-image-wrap\"><img decoding=\"async\" title=\"Elli\u00f0aey\" width=\"200\" height=\"150\" class=\"skip-lazy fg-image\" data-src-fg=\"https:\/\/goetzens-auf-reisen.com\/wp-content\/uploads\/cache\/2019\/08\/IMG_0949\/3897999602.jpg\" data-srcset-fg=\"https:\/\/goetzens-auf-reisen.com\/wp-content\/uploads\/cache\/2019\/08\/IMG_0949\/1635790213.jpg 2x\" src=\"data:image\/svg+xml,%3Csvg%20xmlns%3D%22http%3A%2F%2Fwww.w3.org%2F2000%2Fsvg%22%20width%3D%22200%22%20height%3D%22150%22%20viewBox%3D%220%200%20200%20150%22%3E%3C%2Fsvg%3E\" loading=\"eager\"><\/span><span class=\"fg-image-overlay\"><\/span><\/a><figcaption class=\"fg-caption\"><div class=\"fg-caption-inner\"><div class=\"fg-caption-title\">Elli\u00f0aey<\/div><\/div><\/figcaption><\/figure><div class=\"fg-loader\"><\/div><\/div><div class=\"fg-item fg-type-image fg-idle\"><figure class=\"fg-item-inner\"><a href=\"https:\/\/goetzens-auf-reisen.com\/wp-content\/uploads\/2019\/08\/IMG_0804.jpg\" data-caption-title=\"Eldborg\" data-attachment-id=\"100\" data-type=\"image\" class=\"fg-thumb\"><span class=\"fg-image-wrap\"><img decoding=\"async\" title=\"Eldborg\" width=\"200\" height=\"150\" class=\"skip-lazy fg-image\" data-src-fg=\"https:\/\/goetzens-auf-reisen.com\/wp-content\/uploads\/cache\/2019\/08\/IMG_0804\/4246242300.jpg\" data-srcset-fg=\"https:\/\/goetzens-auf-reisen.com\/wp-content\/uploads\/cache\/2019\/08\/IMG_0804\/1959685771.jpg 2x\" src=\"data:image\/svg+xml,%3Csvg%20xmlns%3D%22http%3A%2F%2Fwww.w3.org%2F2000%2Fsvg%22%20width%3D%22200%22%20height%3D%22150%22%20viewBox%3D%220%200%20200%20150%22%3E%3C%2Fsvg%3E\" loading=\"eager\"><\/span><span class=\"fg-image-overlay\"><\/span><\/a><figcaption class=\"fg-caption\"><div class=\"fg-caption-inner\"><div class=\"fg-caption-title\">Eldborg<\/div><\/div><\/figcaption><\/figure><div class=\"fg-loader\"><\/div><\/div><div class=\"fg-item fg-type-image fg-idle\"><figure class=\"fg-item-inner\"><a href=\"https:\/\/goetzens-auf-reisen.com\/wp-content\/uploads\/2019\/08\/IMG_0545.jpg\" data-caption-title=\"Myrdalsj\u00f6kull\" data-attachment-id=\"98\" data-type=\"image\" class=\"fg-thumb\"><span class=\"fg-image-wrap\"><img decoding=\"async\" title=\"Myrdalsj\u00f6kull\" width=\"200\" height=\"150\" class=\"skip-lazy fg-image\" data-src-fg=\"https:\/\/goetzens-auf-reisen.com\/wp-content\/uploads\/cache\/2019\/08\/IMG_0545\/3131678258.jpg\" data-srcset-fg=\"https:\/\/goetzens-auf-reisen.com\/wp-content\/uploads\/cache\/2019\/08\/IMG_0545\/3211725227.jpg 2x\" src=\"data:image\/svg+xml,%3Csvg%20xmlns%3D%22http%3A%2F%2Fwww.w3.org%2F2000%2Fsvg%22%20width%3D%22200%22%20height%3D%22150%22%20viewBox%3D%220%200%20200%20150%22%3E%3C%2Fsvg%3E\" loading=\"eager\"><\/span><span class=\"fg-image-overlay\"><\/span><\/a><figcaption class=\"fg-caption\"><div class=\"fg-caption-inner\"><div class=\"fg-caption-title\">Myrdalsj\u00f6kull<\/div><\/div><\/figcaption><\/figure><div class=\"fg-loader\"><\/div><\/div><div class=\"fg-item fg-type-image fg-idle\"><figure class=\"fg-item-inner\"><a href=\"https:\/\/goetzens-auf-reisen.com\/wp-content\/uploads\/2019\/08\/IMG_0485.jpg\" data-caption-title=\"Dyrh\u00f3laey\" data-attachment-id=\"97\" data-type=\"image\" class=\"fg-thumb\"><span class=\"fg-image-wrap\"><img decoding=\"async\" title=\"Dyrh\u00f3laey\" width=\"200\" height=\"150\" class=\"skip-lazy fg-image\" data-src-fg=\"https:\/\/goetzens-auf-reisen.com\/wp-content\/uploads\/cache\/2019\/08\/IMG_0485\/1044341170.jpg\" data-srcset-fg=\"https:\/\/goetzens-auf-reisen.com\/wp-content\/uploads\/cache\/2019\/08\/IMG_0485\/1006237227.jpg 2x\" src=\"data:image\/svg+xml,%3Csvg%20xmlns%3D%22http%3A%2F%2Fwww.w3.org%2F2000%2Fsvg%22%20width%3D%22200%22%20height%3D%22150%22%20viewBox%3D%220%200%20200%20150%22%3E%3C%2Fsvg%3E\" loading=\"eager\"><\/span><span class=\"fg-image-overlay\"><\/span><\/a><figcaption class=\"fg-caption\"><div class=\"fg-caption-inner\"><div class=\"fg-caption-title\">Dyrh\u00f3laey<\/div><\/div><\/figcaption><\/figure><div class=\"fg-loader\"><\/div><\/div><div class=\"fg-item fg-type-image fg-idle\"><figure class=\"fg-item-inner\"><a href=\"https:\/\/goetzens-auf-reisen.com\/wp-content\/uploads\/2019\/08\/IMG_0390.jpg\" data-caption-title=\"Skogafoss\" data-attachment-id=\"96\" data-type=\"image\" class=\"fg-thumb\"><span class=\"fg-image-wrap\"><img decoding=\"async\" title=\"Skogafoss\" width=\"200\" height=\"150\" class=\"skip-lazy fg-image\" data-src-fg=\"https:\/\/goetzens-auf-reisen.com\/wp-content\/uploads\/cache\/2019\/08\/IMG_0390\/3206351873.jpg\" data-srcset-fg=\"https:\/\/goetzens-auf-reisen.com\/wp-content\/uploads\/cache\/2019\/08\/IMG_0390\/3134954392.jpg 2x\" src=\"data:image\/svg+xml,%3Csvg%20xmlns%3D%22http%3A%2F%2Fwww.w3.org%2F2000%2Fsvg%22%20width%3D%22200%22%20height%3D%22150%22%20viewBox%3D%220%200%20200%20150%22%3E%3C%2Fsvg%3E\" loading=\"eager\"><\/span><span class=\"fg-image-overlay\"><\/span><\/a><figcaption class=\"fg-caption\"><div class=\"fg-caption-inner\"><div class=\"fg-caption-title\">Skogafoss<\/div><\/div><\/figcaption><\/figure><div class=\"fg-loader\"><\/div><\/div><div class=\"fg-item fg-type-image fg-idle\"><figure class=\"fg-item-inner\"><a href=\"https:\/\/goetzens-auf-reisen.com\/wp-content\/uploads\/2019\/08\/IMG_0157.jpg\" data-caption-title=\"Strokur\" data-attachment-id=\"95\" data-type=\"image\" class=\"fg-thumb\"><span class=\"fg-image-wrap\"><img decoding=\"async\" title=\"Strokur\" width=\"200\" height=\"150\" class=\"skip-lazy fg-image\" data-src-fg=\"https:\/\/goetzens-auf-reisen.com\/wp-content\/uploads\/cache\/2019\/08\/IMG_0157\/330732294.jpg\" data-srcset-fg=\"https:\/\/goetzens-auf-reisen.com\/wp-content\/uploads\/cache\/2019\/08\/IMG_0157\/376439967.jpg 2x\" src=\"data:image\/svg+xml,%3Csvg%20xmlns%3D%22http%3A%2F%2Fwww.w3.org%2F2000%2Fsvg%22%20width%3D%22200%22%20height%3D%22150%22%20viewBox%3D%220%200%20200%20150%22%3E%3C%2Fsvg%3E\" loading=\"eager\"><\/span><span class=\"fg-image-overlay\"><\/span><\/a><figcaption class=\"fg-caption\"><div class=\"fg-caption-inner\"><div class=\"fg-caption-title\">Strokur<\/div><\/div><\/figcaption><\/figure><div class=\"fg-loader\"><\/div><\/div><div class=\"fg-item fg-type-image fg-idle\"><figure class=\"fg-item-inner\"><a href=\"https:\/\/goetzens-auf-reisen.com\/wp-content\/uploads\/2019\/10\/IMG_0262.jpg\" data-caption-title=\"Go\u00f0afoss\" data-attachment-id=\"519\" data-type=\"image\" class=\"fg-thumb\"><span class=\"fg-image-wrap\"><img decoding=\"async\" title=\"Go\u00f0afoss\" width=\"200\" height=\"150\" class=\"skip-lazy fg-image\" data-src-fg=\"https:\/\/goetzens-auf-reisen.com\/wp-content\/uploads\/cache\/2019\/10\/IMG_0262\/1584665653.jpg\" data-srcset-fg=\"https:\/\/goetzens-auf-reisen.com\/wp-content\/uploads\/cache\/2019\/10\/IMG_0262\/3617782082.jpg 2x\" src=\"data:image\/svg+xml,%3Csvg%20xmlns%3D%22http%3A%2F%2Fwww.w3.org%2F2000%2Fsvg%22%20width%3D%22200%22%20height%3D%22150%22%20viewBox%3D%220%200%20200%20150%22%3E%3C%2Fsvg%3E\" loading=\"eager\"><\/span><span class=\"fg-image-overlay\"><\/span><\/a><figcaption class=\"fg-caption\"><div class=\"fg-caption-inner\"><div class=\"fg-caption-title\">Go\u00f0afoss<\/div><\/div><\/figcaption><\/figure><div class=\"fg-loader\"><\/div><\/div><div class=\"fg-item fg-type-image fg-idle\"><figure class=\"fg-item-inner\"><a href=\"https:\/\/goetzens-auf-reisen.com\/wp-content\/uploads\/2019\/10\/IMG_0457.jpg\" data-caption-title=\"S\u00f3lheimaj\u00f6kull\" data-attachment-id=\"520\" data-type=\"image\" class=\"fg-thumb\"><span class=\"fg-image-wrap\"><img decoding=\"async\" title=\"S\u00f3lheimaj\u00f6kull\" width=\"200\" height=\"150\" class=\"skip-lazy fg-image\" data-src-fg=\"https:\/\/goetzens-auf-reisen.com\/wp-content\/uploads\/cache\/2019\/10\/IMG_0457\/2663469485.jpg\" data-srcset-fg=\"https:\/\/goetzens-auf-reisen.com\/wp-content\/uploads\/cache\/2019\/10\/IMG_0457\/387431642.jpg 2x\" src=\"data:image\/svg+xml,%3Csvg%20xmlns%3D%22http%3A%2F%2Fwww.w3.org%2F2000%2Fsvg%22%20width%3D%22200%22%20height%3D%22150%22%20viewBox%3D%220%200%20200%20150%22%3E%3C%2Fsvg%3E\" loading=\"eager\"><\/span><span class=\"fg-image-overlay\"><\/span><\/a><figcaption class=\"fg-caption\"><div class=\"fg-caption-inner\"><div class=\"fg-caption-title\">S\u00f3lheimaj\u00f6kull<\/div><\/div><\/figcaption><\/figure><div class=\"fg-loader\"><\/div><\/div><div class=\"fg-item fg-type-image fg-idle\"><figure class=\"fg-item-inner\"><a href=\"https:\/\/goetzens-auf-reisen.com\/wp-content\/uploads\/2019\/10\/IMG_0561.jpg\" data-caption-title=\"Felsnadeln bei Vic\" data-attachment-id=\"522\" data-type=\"image\" class=\"fg-thumb\"><span class=\"fg-image-wrap\"><img decoding=\"async\" title=\"Felsnadeln bei Vic\" width=\"200\" height=\"150\" class=\"skip-lazy fg-image\" data-src-fg=\"https:\/\/goetzens-auf-reisen.com\/wp-content\/uploads\/cache\/2019\/10\/IMG_0561\/4130067979.jpg\" data-srcset-fg=\"https:\/\/goetzens-auf-reisen.com\/wp-content\/uploads\/cache\/2019\/10\/IMG_0561\/2147302268.jpg 2x\" src=\"data:image\/svg+xml,%3Csvg%20xmlns%3D%22http%3A%2F%2Fwww.w3.org%2F2000%2Fsvg%22%20width%3D%22200%22%20height%3D%22150%22%20viewBox%3D%220%200%20200%20150%22%3E%3C%2Fsvg%3E\" loading=\"eager\"><\/span><span class=\"fg-image-overlay\"><\/span><\/a><figcaption class=\"fg-caption\"><div class=\"fg-caption-inner\"><div class=\"fg-caption-title\">Felsnadeln bei Vic<\/div><\/div><\/figcaption><\/figure><div class=\"fg-loader\"><\/div><\/div><div class=\"fg-item fg-type-image fg-idle\"><figure class=\"fg-item-inner\"><a href=\"https:\/\/goetzens-auf-reisen.com\/wp-content\/uploads\/2019\/10\/IMG_0687.jpg\" data-caption-title=\"Bl\u00e1a L\u00f3ni\u00f0 (Blaue Lagune)\" data-attachment-id=\"523\" data-type=\"image\" class=\"fg-thumb\"><span class=\"fg-image-wrap\"><img decoding=\"async\" title=\"Bl\u00e1a L\u00f3ni\u00f0 (Blaue Lagune)\" width=\"200\" height=\"150\" class=\"skip-lazy fg-image\" data-src-fg=\"https:\/\/goetzens-auf-reisen.com\/wp-content\/uploads\/cache\/2019\/10\/IMG_0687\/802477040.jpg\" data-srcset-fg=\"https:\/\/goetzens-auf-reisen.com\/wp-content\/uploads\/cache\/2019\/10\/IMG_0687\/2785164935.jpg 2x\" src=\"data:image\/svg+xml,%3Csvg%20xmlns%3D%22http%3A%2F%2Fwww.w3.org%2F2000%2Fsvg%22%20width%3D%22200%22%20height%3D%22150%22%20viewBox%3D%220%200%20200%20150%22%3E%3C%2Fsvg%3E\" loading=\"eager\"><\/span><span class=\"fg-image-overlay\"><\/span><\/a><figcaption class=\"fg-caption\"><div class=\"fg-caption-inner\"><div class=\"fg-caption-title\">Bl\u00e1a L\u00f3ni\u00f0 (Blaue Lagune)<\/div><\/div><\/figcaption><\/figure><div class=\"fg-loader\"><\/div><\/div><div class=\"fg-item fg-type-image fg-idle\"><figure class=\"fg-item-inner\"><a href=\"https:\/\/goetzens-auf-reisen.com\/wp-content\/uploads\/2019\/08\/IMG_0732.jpg\" data-caption-title=\"Solfar in Reykjavik\" data-attachment-id=\"99\" data-type=\"image\" class=\"fg-thumb\"><span class=\"fg-image-wrap\"><img decoding=\"async\" title=\"Solfar in Reykjavik\" width=\"200\" height=\"150\" class=\"skip-lazy fg-image\" data-src-fg=\"https:\/\/goetzens-auf-reisen.com\/wp-content\/uploads\/cache\/2019\/08\/IMG_0732\/3969730098.jpg\" data-srcset-fg=\"https:\/\/goetzens-auf-reisen.com\/wp-content\/uploads\/cache\/2019\/08\/IMG_0732\/3915108779.jpg 2x\" src=\"data:image\/svg+xml,%3Csvg%20xmlns%3D%22http%3A%2F%2Fwww.w3.org%2F2000%2Fsvg%22%20width%3D%22200%22%20height%3D%22150%22%20viewBox%3D%220%200%20200%20150%22%3E%3C%2Fsvg%3E\" loading=\"eager\"><\/span><span class=\"fg-image-overlay\"><\/span><\/a><figcaption class=\"fg-caption\"><div class=\"fg-caption-inner\"><div class=\"fg-caption-title\">Solfar in Reykjavik<\/div><\/div><\/figcaption><\/figure><div class=\"fg-loader\"><\/div><\/div><div class=\"fg-item fg-type-image fg-idle\"><figure class=\"fg-item-inner\"><a href=\"https:\/\/goetzens-auf-reisen.com\/wp-content\/uploads\/2019\/10\/IMG_0893.jpg\" data-caption-title=\"Tj\u00f6rnin in Reykjavik\" data-attachment-id=\"524\" data-type=\"image\" class=\"fg-thumb\"><span class=\"fg-image-wrap\"><img decoding=\"async\" title=\"Tj\u00f6rnin in Reykjavik\" width=\"200\" height=\"150\" class=\"skip-lazy fg-image\" data-src-fg=\"https:\/\/goetzens-auf-reisen.com\/wp-content\/uploads\/cache\/2019\/10\/IMG_0893\/387383161.jpg\" data-srcset-fg=\"https:\/\/goetzens-auf-reisen.com\/wp-content\/uploads\/cache\/2019\/10\/IMG_0893\/2663387662.jpg 2x\" src=\"data:image\/svg+xml,%3Csvg%20xmlns%3D%22http%3A%2F%2Fwww.w3.org%2F2000%2Fsvg%22%20width%3D%22200%22%20height%3D%22150%22%20viewBox%3D%220%200%20200%20150%22%3E%3C%2Fsvg%3E\" loading=\"eager\"><\/span><span class=\"fg-image-overlay\"><\/span><\/a><figcaption class=\"fg-caption\"><div class=\"fg-caption-inner\"><div class=\"fg-caption-title\">Tj\u00f6rnin in Reykjavik<\/div><\/div><\/figcaption><\/figure><div class=\"fg-loader\"><\/div><\/div><div class=\"fg-item fg-type-image fg-idle\"><figure class=\"fg-item-inner\"><a href=\"https:\/\/goetzens-auf-reisen.com\/wp-content\/uploads\/2019\/10\/IMG_0190.jpg\" data-caption-title=\"Konzerthaus Harpa in Reykjavik\" data-attachment-id=\"518\" data-type=\"image\" class=\"fg-thumb\"><span class=\"fg-image-wrap\"><img decoding=\"async\" title=\"Konzerthaus Harpa in Reykjavik\" width=\"200\" height=\"150\" class=\"skip-lazy fg-image\" data-src-fg=\"https:\/\/goetzens-auf-reisen.com\/wp-content\/uploads\/cache\/2019\/10\/IMG_0190\/347736951.jpg\" data-srcset-fg=\"https:\/\/goetzens-auf-reisen.com\/wp-content\/uploads\/cache\/2019\/10\/IMG_0190\/2641159680.jpg 2x\" src=\"data:image\/svg+xml,%3Csvg%20xmlns%3D%22http%3A%2F%2Fwww.w3.org%2F2000%2Fsvg%22%20width%3D%22200%22%20height%3D%22150%22%20viewBox%3D%220%200%20200%20150%22%3E%3C%2Fsvg%3E\" loading=\"eager\"><\/span><span class=\"fg-image-overlay\"><\/span><\/a><figcaption class=\"fg-caption\"><div class=\"fg-caption-inner\"><div class=\"fg-caption-title\">Konzerthaus Harpa in Reykjavik<\/div><\/div><\/figcaption><\/figure><div class=\"fg-loader\"><\/div><\/div><div class=\"fg-item fg-type-image fg-idle\"><figure class=\"fg-item-inner\"><a href=\"https:\/\/goetzens-auf-reisen.com\/wp-content\/uploads\/2019\/10\/IMH_0070.jpg\" data-caption-title=\"Reykjavik-Marathon\" data-attachment-id=\"525\" data-type=\"image\" class=\"fg-thumb\"><span class=\"fg-image-wrap\"><img decoding=\"async\" title=\"Reykjavik-Marathon\" width=\"200\" height=\"150\" class=\"skip-lazy fg-image\" data-src-fg=\"https:\/\/goetzens-auf-reisen.com\/wp-content\/uploads\/cache\/2019\/10\/IMH_0070\/1503255076.jpg\" data-srcset-fg=\"https:\/\/goetzens-auf-reisen.com\/wp-content\/uploads\/cache\/2019\/10\/IMH_0070\/3494852435.jpg 2x\" src=\"data:image\/svg+xml,%3Csvg%20xmlns%3D%22http%3A%2F%2Fwww.w3.org%2F2000%2Fsvg%22%20width%3D%22200%22%20height%3D%22150%22%20viewBox%3D%220%200%20200%20150%22%3E%3C%2Fsvg%3E\" loading=\"eager\"><\/span><span class=\"fg-image-overlay\"><\/span><\/a><figcaption class=\"fg-caption\"><div class=\"fg-caption-inner\"><div class=\"fg-caption-title\">Reykjavik-Marathon<\/div><\/div><\/figcaption><\/figure><div class=\"fg-loader\"><\/div><\/div><\/div>\n","protected":false},"excerpt":{"rendered":"<p>Island haben wir im August 2011 zwar nur f\u00fcr eine Woche bereist, aber wir haben in der Zeit sehr viel gesehen und erlebt. Reiseanlass war die Teilnahme am Reykjavik-Marathon. Nat\u00fcrlich w\u00e4re es &#8222;viel zu schade&#8220; gewesen, ausschle\u00dflich zum Marathon anzureisen. Denn Island bietet so viel! Wenige Kilometer au\u00dferhalb der Hauptstadt beginnt bereits Abgeschiedenheit und Natur &hellip; <\/p>\n<p class=\"link-more\"><a href=\"https:\/\/goetzens-auf-reisen.com\/?page_id=41\" class=\"more-link\"><span class=\"screen-reader-text\">\u201eIsland\u201c<\/span> weiterlesen<\/a><\/p>\n","protected":false},"author":1,"featured_media":0,"parent":0,"menu_order":0,"comment_status":"closed","ping_status":"closed","template":"","meta":{"footnotes":""},"class_list":["post-41","page","type-page","status-publish","hentry"],"_links":{"self":[{"href":"https:\/\/goetzens-auf-reisen.com\/index.php?rest_route=\/wp\/v2\/pages\/41","targetHints":{"allow":["GET"]}}],"collection":[{"href":"https:\/\/goetzens-auf-reisen.com\/index.php?rest_route=\/wp\/v2\/pages"}],"about":[{"href":"https:\/\/goetzens-auf-reisen.com\/index.php?rest_route=\/wp\/v2\/types\/page"}],"author":[{"embeddable":true,"href":"https:\/\/goetzens-auf-reisen.com\/index.php?rest_route=\/wp\/v2\/users\/1"}],"replies":[{"embeddable":true,"href":"https:\/\/goetzens-auf-reisen.com\/index.php?rest_route=%2Fwp%2Fv2%2Fcomments&post=41"}],"version-history":[{"count":16,"href":"https:\/\/goetzens-auf-reisen.com\/index.php?rest_route=\/wp\/v2\/pages\/41\/revisions"}],"predecessor-version":[{"id":4560,"href":"https:\/\/goetzens-auf-reisen.com\/index.php?rest_route=\/wp\/v2\/pages\/41\/revisions\/4560"}],"wp:attachment":[{"href":"https:\/\/goetzens-auf-reisen.com\/index.php?rest_route=%2Fwp%2Fv2%2Fmedia&parent=41"}],"curies":[{"name":"wp","href":"https:\/\/api.w.org\/{rel}","templated":true}]}}